{"id":72,"date":"2021-12-01T11:25:48","date_gmt":"2021-12-01T10:25:48","guid":{"rendered":"https:\/\/comitedesfeteskermouster.fr\/?page_id=72"},"modified":"2022-02-10T18:07:57","modified_gmt":"2022-02-10T17:07:57","slug":"les-activites","status":"publish","type":"page","link":"https:\/\/comitedesfeteskermouster.fr\/index.php\/les-activites\/","title":{"rendered":"Les activit\u00e9s"},"content":{"rendered":"\t\t<div data-elementor-type=\"wp-page\" data-elementor-id=\"72\" class=\"elementor elementor-72\">\n\t\t\t\t\t\t<section class=\"elementor-section elementor-top-section elementor-element elementor-element-b7dd245 elementor-section-boxed elementor-section-height-default elementor-section-height-default\" data-id=\"b7dd245\" data-element_type=\"section\" data-e-type=\"section\">\n\t\t\t\t\t\t<div class=\"elementor-container elementor-column-gap-default\">\n\t\t\t\t\t<div class=\"elementor-column elementor-col-100 elementor-top-column elementor-element elementor-element-0fc372c\" data-id=\"0fc372c\" data-element_type=\"column\" data-e-type=\"column\">\n\t\t\t<div class=\"elementor-widget-wrap elementor-element-populated\">\n\t\t\t\t\t\t<div class=\"elementor-element elementor-element-6e24886 elementor-widget elementor-widget-text-editor\" data-id=\"6e24886\" data-element_type=\"widget\" data-e-type=\"widget\" data-widget_type=\"text-editor.default\">\n\t\t\t\t<div class=\"elementor-widget-container\">\n\t\t\t\t\t\t\t\t\t<p>Le comit\u00e9 des f\u00eates propose des <strong>activit\u00e9s r\u00e9guli\u00e8res :<\/strong><\/p>\n<p>&nbsp;&#8211; Le troc aux plantes en mars et\/ou octobre<\/p>\n<p>&nbsp;&#8211; Le vide grenier en juillet<\/p>\n<p>&nbsp;&#8211; Le blind test en janvier<\/p>\n<p>&nbsp;&#8211; La belote le vendredi<\/p>\n<p>D<strong>&lsquo;autres activit\u00e9s<\/strong> peuvent \u00eatre propos\u00e9es :<\/p>\n<p>&nbsp;&#8211; Une randonn\u00e9e d\u00e9couverte de notre quartier ouverte \u00e0 tous<\/p>\n<p>&nbsp;&#8211; Un repas avec animation &#8211; jeux par \u00e9quipe<\/p>\n<p>&nbsp;&#8211; Un barbecue ouvert aux adh\u00e9rents, b\u00e9n\u00e9voles et r\u00e9sidents du quartier en juillet 2021<\/p>\n<p>&nbsp;<span style=\"color: var( --e-global-color-text ); font-family: var( --e-global-typography-text-font-family ), Sans-serif; font-weight: var( --e-global-typography-text-font-weight );\">Le comit\u00e9 des f\u00eates propose aussi des <\/span><strong style=\"color: var( --e-global-color-text ); font-family: var( --e-global-typography-text-font-family ), Sans-serif;\">activit\u00e9s pour remercier ses adh\u00e9rents et b\u00e9n\u00e9voles<\/strong><span style=\"color: var( --e-global-color-text ); font-family: var( --e-global-typography-text-font-family ), Sans-serif; font-weight: var( --e-global-typography-text-font-weight );\"> :<\/span><\/p>\n<p>&nbsp; &#8211; Apprentissage du tournage de cr\u00eapes&nbsp;<\/p>\n<p>&nbsp; &#8211; Une journ\u00e9e \u00e0 l&rsquo;Ile de Batz en 2019<\/p>\n<p>&nbsp; &#8211; Une soir\u00e9e Coquille Saint Jacques chez nos partenaires du comit\u00e9 des f\u00eates de Saint Laurent<\/p>\n<p>Nous sommes aussi ouverts \u00e0 de nouvelles propositions d&rsquo;activit\u00e9s, n&rsquo;h\u00e9sitez pas \u00e0 nous en faire part.<\/p>\t\t\t\t\t\t\t\t<\/div>\n\t\t\t\t<\/div>\n\t\t\t\t\t<\/div>\n\t\t<\/div>\n\t\t\t\t\t<\/div>\n\t\t<\/section>\n\t\t\t\t<section class=\"elementor-section elementor-top-section elementor-element elementor-element-42c7531a elementor-section-boxed elementor-section-height-default elementor-section-height-default\" data-id=\"42c7531a\" data-element_type=\"section\" data-e-type=\"section\">\n\t\t\t\t\t\t<div class=\"elementor-container elementor-column-gap-default\">\n\t\t\t\t\t<div class=\"elementor-column elementor-col-100 elementor-top-column elementor-element elementor-element-72f7137\" data-id=\"72f7137\" data-element_type=\"column\" data-e-type=\"column\">\n\t\t\t<div class=\"elementor-widget-wrap elementor-element-populated\">\n\t\t\t\t\t\t<div class=\"elementor-element elementor-element-2a4cef5 elementor-widget elementor-widget-shortcode\" data-id=\"2a4cef5\" data-element_type=\"widget\" data-e-type=\"widget\" data-widget_type=\"shortcode.default\">\n\t\t\t\t<div class=\"elementor-widget-container\">\n\t\t\t\t\t\t\t<div class=\"elementor-shortcode\">  <\/div>\n\t\t\t\t\t\t<\/div>\n\t\t\t\t<\/div>\n\t\t\t\t\t<\/div>\n\t\t<\/div>\n\t\t\t\t\t<\/div>\n\t\t<\/section>\n\t\t\t\t<\/div>\n\t\t","protected":false},"excerpt":{"rendered":"<p>Le comit\u00e9 des f\u00eates propose des activit\u00e9s r\u00e9guli\u00e8res : &nbsp;&#8211; Le troc aux plantes en mars et\/ou octobre &nbsp;&#8211; Le vide grenier en juillet &nbsp;&#8211; Le blind test en janvier &hellip; <a href=\"https:\/\/comitedesfeteskermouster.fr\/index.php\/les-activites\/\" class=\"more-link\">Voulez-vous en savoir plus ? <span class=\"screen-reader-text\">Les activit\u00e9s<\/span><\/a><\/p>\n","protected":false},"author":5,"featured_media":0,"parent":0,"menu_order":0,"comment_status":"closed","ping_status":"closed","template":"","meta":{"footnotes":""},"class_list":["post-72","page","type-page","status-publish","hentry"],"yoast_head":"<!-- This site is optimized with the Yoast SEO plugin v27.5 - https:\/\/yoast.com\/product\/yoast-seo-wordpress\/ -->\n<title>Les activit\u00e9s - Comit\u00e9 des F\u00eates de Kermouster<\/title>\n<meta name=\"robots\" content=\"index, follow, max-snippet:-1, max-image-preview:large, max-video-preview:-1\" \/>\n<link rel=\"canonical\" href=\"https:\/\/comitedesfeteskermouster.fr\/index.php\/les-activites\/\" \/>\n<meta property=\"og:locale\" content=\"fr_FR\" \/>\n<meta property=\"og:type\" content=\"article\" \/>\n<meta property=\"og:title\" content=\"Les activit\u00e9s - Comit\u00e9 des F\u00eates de Kermouster\" \/>\n<meta property=\"og:description\" content=\"Le comit\u00e9 des f\u00eates propose des activit\u00e9s r\u00e9guli\u00e8res : &nbsp;&#8211; Le troc aux plantes en mars et\/ou octobre &nbsp;&#8211; Le vide grenier en juillet &nbsp;&#8211; Le blind test en janvier &hellip; Voulez-vous en savoir plus ? Les activit\u00e9s\" \/>\n<meta property=\"og:url\" content=\"https:\/\/comitedesfeteskermouster.fr\/index.php\/les-activites\/\" \/>\n<meta property=\"og:site_name\" content=\"Comit\u00e9 des F\u00eates de Kermouster\" \/>\n<meta property=\"article:publisher\" content=\"https:\/\/www.facebook.com\/comitedesfeteskermouster\" \/>\n<meta property=\"article:modified_time\" content=\"2022-02-10T17:07:57+00:00\" \/>\n<meta property=\"og:image\" content=\"https:\/\/i0.wp.com\/comitedesfeteskermouster.fr\/wp-content\/uploads\/2022\/01\/kermouster_mobile.png?fit=1071%2C489&ssl=1\" \/>\n\t<meta property=\"og:image:width\" content=\"1071\" \/>\n\t<meta property=\"og:image:height\" content=\"489\" \/>\n\t<meta property=\"og:image:type\" content=\"image\/png\" \/>\n<meta name=\"twitter:card\" content=\"summary_large_image\" \/>\n<meta name=\"twitter:label1\" content=\"Dur\u00e9e de lecture estim\u00e9e\" \/>\n\t<meta name=\"twitter:data1\" content=\"1 minute\" \/>\n<script type=\"application\/ld+json\" class=\"yoast-schema-graph\">{\"@context\":\"https:\\\/\\\/schema.org\",\"@graph\":[{\"@type\":\"WebPage\",\"@id\":\"https:\\\/\\\/comitedesfeteskermouster.fr\\\/index.php\\\/les-activites\\\/\",\"url\":\"https:\\\/\\\/comitedesfeteskermouster.fr\\\/index.php\\\/les-activites\\\/\",\"name\":\"Les activit\u00e9s - Comit\u00e9 des F\u00eates de Kermouster\",\"isPartOf\":{\"@id\":\"https:\\\/\\\/comitedesfeteskermouster.fr\\\/#website\"},\"datePublished\":\"2021-12-01T10:25:48+00:00\",\"dateModified\":\"2022-02-10T17:07:57+00:00\",\"breadcrumb\":{\"@id\":\"https:\\\/\\\/comitedesfeteskermouster.fr\\\/index.php\\\/les-activites\\\/#breadcrumb\"},\"inLanguage\":\"fr-FR\",\"potentialAction\":[{\"@type\":\"ReadAction\",\"target\":[\"https:\\\/\\\/comitedesfeteskermouster.fr\\\/index.php\\\/les-activites\\\/\"]}]},{\"@type\":\"BreadcrumbList\",\"@id\":\"https:\\\/\\\/comitedesfeteskermouster.fr\\\/index.php\\\/les-activites\\\/#breadcrumb\",\"itemListElement\":[{\"@type\":\"ListItem\",\"position\":1,\"name\":\"Accueil - Comit\u00e9 des F\u00eates de Kermouster\",\"item\":\"https:\\\/\\\/comitedesfeteskermouster.fr\\\/\"},{\"@type\":\"ListItem\",\"position\":2,\"name\":\"Les activit\u00e9s\"}]},{\"@type\":\"WebSite\",\"@id\":\"https:\\\/\\\/comitedesfeteskermouster.fr\\\/#website\",\"url\":\"https:\\\/\\\/comitedesfeteskermouster.fr\\\/\",\"name\":\"Comit\u00e9 des F\u00eates de Kermouster\",\"description\":\"\",\"publisher\":{\"@id\":\"https:\\\/\\\/comitedesfeteskermouster.fr\\\/#organization\"},\"potentialAction\":[{\"@type\":\"SearchAction\",\"target\":{\"@type\":\"EntryPoint\",\"urlTemplate\":\"https:\\\/\\\/comitedesfeteskermouster.fr\\\/?s={search_term_string}\"},\"query-input\":{\"@type\":\"PropertyValueSpecification\",\"valueRequired\":true,\"valueName\":\"search_term_string\"}}],\"inLanguage\":\"fr-FR\"},{\"@type\":\"Organization\",\"@id\":\"https:\\\/\\\/comitedesfeteskermouster.fr\\\/#organization\",\"name\":\"Comit\u00e9 des f\u00eates de Kermouster\",\"url\":\"https:\\\/\\\/comitedesfeteskermouster.fr\\\/\",\"logo\":{\"@type\":\"ImageObject\",\"inLanguage\":\"fr-FR\",\"@id\":\"https:\\\/\\\/comitedesfeteskermouster.fr\\\/#\\\/schema\\\/logo\\\/image\\\/\",\"url\":\"https:\\\/\\\/i0.wp.com\\\/comitedesfeteskermouster.fr\\\/wp-content\\\/uploads\\\/2021\\\/12\\\/cropped-cropped-logo.png?fit=480%2C214&ssl=1\",\"contentUrl\":\"https:\\\/\\\/i0.wp.com\\\/comitedesfeteskermouster.fr\\\/wp-content\\\/uploads\\\/2021\\\/12\\\/cropped-cropped-logo.png?fit=480%2C214&ssl=1\",\"width\":480,\"height\":214,\"caption\":\"Comit\u00e9 des f\u00eates de Kermouster\"},\"image\":{\"@id\":\"https:\\\/\\\/comitedesfeteskermouster.fr\\\/#\\\/schema\\\/logo\\\/image\\\/\"},\"sameAs\":[\"https:\\\/\\\/www.facebook.com\\\/comitedesfeteskermouster\"]}]}<\/script>\n<!-- \/ Yoast SEO plugin. -->","yoast_head_json":{"title":"Les activit\u00e9s - Comit\u00e9 des F\u00eates de Kermouster","robots":{"index":"index","follow":"follow","max-snippet":"max-snippet:-1","max-image-preview":"max-image-preview:large","max-video-preview":"max-video-preview:-1"},"canonical":"https:\/\/comitedesfeteskermouster.fr\/index.php\/les-activites\/","og_locale":"fr_FR","og_type":"article","og_title":"Les activit\u00e9s - Comit\u00e9 des F\u00eates de Kermouster","og_description":"Le comit\u00e9 des f\u00eates propose des activit\u00e9s r\u00e9guli\u00e8res : &nbsp;&#8211; Le troc aux plantes en mars et\/ou octobre &nbsp;&#8211; Le vide grenier en juillet &nbsp;&#8211; Le blind test en janvier &hellip; Voulez-vous en savoir plus ? Les activit\u00e9s","og_url":"https:\/\/comitedesfeteskermouster.fr\/index.php\/les-activites\/","og_site_name":"Comit\u00e9 des F\u00eates de Kermouster","article_publisher":"https:\/\/www.facebook.com\/comitedesfeteskermouster","article_modified_time":"2022-02-10T17:07:57+00:00","og_image":[{"width":1071,"height":489,"url":"https:\/\/i0.wp.com\/comitedesfeteskermouster.fr\/wp-content\/uploads\/2022\/01\/kermouster_mobile.png?fit=1071%2C489&ssl=1","type":"image\/png"}],"twitter_card":"summary_large_image","twitter_misc":{"Dur\u00e9e de lecture estim\u00e9e":"1 minute"},"schema":{"@context":"https:\/\/schema.org","@graph":[{"@type":"WebPage","@id":"https:\/\/comitedesfeteskermouster.fr\/index.php\/les-activites\/","url":"https:\/\/comitedesfeteskermouster.fr\/index.php\/les-activites\/","name":"Les activit\u00e9s - Comit\u00e9 des F\u00eates de Kermouster","isPartOf":{"@id":"https:\/\/comitedesfeteskermouster.fr\/#website"},"datePublished":"2021-12-01T10:25:48+00:00","dateModified":"2022-02-10T17:07:57+00:00","breadcrumb":{"@id":"https:\/\/comitedesfeteskermouster.fr\/index.php\/les-activites\/#breadcrumb"},"inLanguage":"fr-FR","potentialAction":[{"@type":"ReadAction","target":["https:\/\/comitedesfeteskermouster.fr\/index.php\/les-activites\/"]}]},{"@type":"BreadcrumbList","@id":"https:\/\/comitedesfeteskermouster.fr\/index.php\/les-activites\/#breadcrumb","itemListElement":[{"@type":"ListItem","position":1,"name":"Accueil - Comit\u00e9 des F\u00eates de Kermouster","item":"https:\/\/comitedesfeteskermouster.fr\/"},{"@type":"ListItem","position":2,"name":"Les activit\u00e9s"}]},{"@type":"WebSite","@id":"https:\/\/comitedesfeteskermouster.fr\/#website","url":"https:\/\/comitedesfeteskermouster.fr\/","name":"Comit\u00e9 des F\u00eates de Kermouster","description":"","publisher":{"@id":"https:\/\/comitedesfeteskermouster.fr\/#organization"},"potentialAction":[{"@type":"SearchAction","target":{"@type":"EntryPoint","urlTemplate":"https:\/\/comitedesfeteskermouster.fr\/?s={search_term_string}"},"query-input":{"@type":"PropertyValueSpecification","valueRequired":true,"valueName":"search_term_string"}}],"inLanguage":"fr-FR"},{"@type":"Organization","@id":"https:\/\/comitedesfeteskermouster.fr\/#organization","name":"Comit\u00e9 des f\u00eates de Kermouster","url":"https:\/\/comitedesfeteskermouster.fr\/","logo":{"@type":"ImageObject","inLanguage":"fr-FR","@id":"https:\/\/comitedesfeteskermouster.fr\/#\/schema\/logo\/image\/","url":"https:\/\/i0.wp.com\/comitedesfeteskermouster.fr\/wp-content\/uploads\/2021\/12\/cropped-cropped-logo.png?fit=480%2C214&ssl=1","contentUrl":"https:\/\/i0.wp.com\/comitedesfeteskermouster.fr\/wp-content\/uploads\/2021\/12\/cropped-cropped-logo.png?fit=480%2C214&ssl=1","width":480,"height":214,"caption":"Comit\u00e9 des f\u00eates de Kermouster"},"image":{"@id":"https:\/\/comitedesfeteskermouster.fr\/#\/schema\/logo\/image\/"},"sameAs":["https:\/\/www.facebook.com\/comitedesfeteskermouster"]}]}},"jetpack_sharing_enabled":true,"jetpack_likes_enabled":true,"_links":{"self":[{"href":"https:\/\/comitedesfeteskermouster.fr\/index.php\/wp-json\/wp\/v2\/pages\/72","targetHints":{"allow":["GET"]}}],"collection":[{"href":"https:\/\/comitedesfeteskermouster.fr\/index.php\/wp-json\/wp\/v2\/pages"}],"about":[{"href":"https:\/\/comitedesfeteskermouster.fr\/index.php\/wp-json\/wp\/v2\/types\/page"}],"author":[{"embeddable":true,"href":"https:\/\/comitedesfeteskermouster.fr\/index.php\/wp-json\/wp\/v2\/users\/5"}],"replies":[{"embeddable":true,"href":"https:\/\/comitedesfeteskermouster.fr\/index.php\/wp-json\/wp\/v2\/comments?post=72"}],"version-history":[{"count":23,"href":"https:\/\/comitedesfeteskermouster.fr\/index.php\/wp-json\/wp\/v2\/pages\/72\/revisions"}],"predecessor-version":[{"id":883,"href":"https:\/\/comitedesfeteskermouster.fr\/index.php\/wp-json\/wp\/v2\/pages\/72\/revisions\/883"}],"wp:attachment":[{"href":"https:\/\/comitedesfeteskermouster.fr\/index.php\/wp-json\/wp\/v2\/media?parent=72"}],"curies":[{"name":"wp","href":"https:\/\/api.w.org\/{rel}","templated":true}]}}