{"id":1396,"date":"2025-10-06T14:35:01","date_gmt":"2025-10-06T12:35:01","guid":{"rendered":"https:\/\/comitedesfeteskermouster.fr\/?post_type=tribe_events&#038;p=1396"},"modified":"2025-10-06T14:35:01","modified_gmt":"2025-10-06T12:35:01","slug":"troc-aux-plantes-automne-2025","status":"publish","type":"tribe_events","link":"https:\/\/comitedesfeteskermouster.fr\/index.php\/event\/troc-aux-plantes-automne-2025\/","title":{"rendered":"Troc aux plantes d&rsquo;automne"},"content":{"rendered":"<p>\ud83c\udf42\ud83e\udeb4\ud83c\udf3b Venez \u00e9changer ou donner vos plantes, vos pots, livres, outils ou m\u00eame vos conseils \u00e0 l\u2019occasion d\u2019un apr\u00e8s-midi <strong>Troc aux plantes<\/strong> \u00e0 Kermouster, le <strong>dimanche 26 octobre 2025 <\/strong>de 13h30 \u00e0 17h00.<\/p>\n<p>Tables \u00e0 disposition des exposants (gratuit, sous hangar).<br \/>\nLes personnes int\u00e9ress\u00e9es apportent leurs plants sans inscription pr\u00e9alable. Pas de vente, uniquement des \u00e9changes gratuits ou des dons.<\/p>\n<p>\u2615\ud83e\udd5e Buvette, boissons chaudes et cr\u00eapes\/g\u00e2teaux sur place (espace d\u00e9di\u00e9 avec places assises).<\/p>\n<p>Acc\u00e8s : suivre le fl\u00e9chage depuis Kermouster. Adresse : Route de Kermadeza, Plougasnou.<\/p>\n","protected":false},"excerpt":{"rendered":"<p>\ud83c\udf42\ud83e\udeb4\ud83c\udf3b Venez \u00e9changer ou donner vos plantes, vos pots, livres, outils ou m\u00eame vos conseils \u00e0 l\u2019occasion d\u2019un apr\u00e8s-midi Troc aux plantes \u00e0 Kermouster, le dimanche 26 octobre 2025 de &hellip; <a href=\"https:\/\/comitedesfeteskermouster.fr\/index.php\/event\/troc-aux-plantes-automne-2025\/\" class=\"more-link\">Voulez-vous en savoir plus ? <span class=\"screen-reader-text\">Troc aux plantes d&rsquo;automne<\/span><\/a><\/p>\n","protected":false},"author":3,"featured_media":1392,"template":"","meta":{"_tribe_events_status":"","_tribe_events_status_reason":"","footnotes":""},"tags":[],"tribe_events_cat":[8],"class_list":["post-1396","tribe_events","type-tribe_events","status-publish","has-post-thumbnail","hentry","tribe_events_cat-troc-aux-plantes","cat_troc-aux-plantes"],"yoast_head":"<!-- This site is optimized with the Yoast SEO plugin v27.5 - https:\/\/yoast.com\/product\/yoast-seo-wordpress\/ -->\n<title>Troc aux plantes d&#039;automne - Comit\u00e9 des F\u00eates de Kermouster<\/title>\n<meta name=\"description\" content=\"Venez \u00e9changer ou donner vos plantes, vos pots, livres, outils ou m\u00eame vos conseils \u00e0 l&#039;occasion d&#039;un apr\u00e8s-midi Troc aux plantes \u00e0 Kermouster\" \/>\n<meta name=\"robots\" content=\"index, follow, max-snippet:-1, max-image-preview:large, max-video-preview:-1\" \/>\n<link rel=\"canonical\" href=\"https:\/\/comitedesfeteskermouster.fr\/index.php\/event\/troc-aux-plantes-automne-2025\/\" \/>\n<meta property=\"og:locale\" content=\"fr_FR\" \/>\n<meta property=\"og:type\" content=\"article\" \/>\n<meta property=\"og:title\" content=\"Troc aux plantes d&#039;automne - Comit\u00e9 des F\u00eates de Kermouster\" \/>\n<meta property=\"og:description\" content=\"Venez \u00e9changer ou donner vos plantes, vos pots, livres, outils ou m\u00eame vos conseils \u00e0 l&#039;occasion d&#039;un apr\u00e8s-midi Troc aux plantes \u00e0 Kermouster\" \/>\n<meta property=\"og:url\" content=\"https:\/\/comitedesfeteskermouster.fr\/index.php\/event\/troc-aux-plantes-automne-2025\/\" \/>\n<meta property=\"og:site_name\" content=\"Comit\u00e9 des F\u00eates de Kermouster\" \/>\n<meta property=\"article:publisher\" content=\"https:\/\/www.facebook.com\/comitedesfeteskermouster\" \/>\n<meta property=\"og:image\" content=\"https:\/\/comitedesfeteskermouster.fr\/wp-content\/uploads\/2025\/10\/Affiche-troc-aux-plantes-CFK-2025.jpg\" \/>\n\t<meta property=\"og:image:width\" content=\"1587\" \/>\n\t<meta property=\"og:image:height\" content=\"2245\" \/>\n\t<meta property=\"og:image:type\" content=\"image\/jpeg\" \/>\n<meta name=\"twitter:card\" content=\"summary_large_image\" \/>\n<script type=\"application\/ld+json\" class=\"yoast-schema-graph\">{\"@context\":\"https:\\\/\\\/schema.org\",\"@graph\":[{\"@type\":\"WebPage\",\"@id\":\"https:\\\/\\\/comitedesfeteskermouster.fr\\\/index.php\\\/event\\\/troc-aux-plantes-automne-2025\\\/\",\"url\":\"https:\\\/\\\/comitedesfeteskermouster.fr\\\/index.php\\\/event\\\/troc-aux-plantes-automne-2025\\\/\",\"name\":\"Troc aux plantes d'automne - Comit\u00e9 des F\u00eates de Kermouster\",\"isPartOf\":{\"@id\":\"https:\\\/\\\/comitedesfeteskermouster.fr\\\/#website\"},\"primaryImageOfPage\":{\"@id\":\"https:\\\/\\\/comitedesfeteskermouster.fr\\\/index.php\\\/event\\\/troc-aux-plantes-automne-2025\\\/#primaryimage\"},\"image\":{\"@id\":\"https:\\\/\\\/comitedesfeteskermouster.fr\\\/index.php\\\/event\\\/troc-aux-plantes-automne-2025\\\/#primaryimage\"},\"thumbnailUrl\":\"https:\\\/\\\/i0.wp.com\\\/comitedesfeteskermouster.fr\\\/wp-content\\\/uploads\\\/2025\\\/10\\\/Affiche-troc-aux-plantes-CFK-2025.jpg?fit=1587%2C2245&ssl=1\",\"datePublished\":\"2025-10-06T12:35:01+00:00\",\"description\":\"Venez \u00e9changer ou donner vos plantes, vos pots, livres, outils ou m\u00eame vos conseils \u00e0 l'occasion d'un apr\u00e8s-midi Troc aux plantes \u00e0 Kermouster\",\"breadcrumb\":{\"@id\":\"https:\\\/\\\/comitedesfeteskermouster.fr\\\/index.php\\\/event\\\/troc-aux-plantes-automne-2025\\\/#breadcrumb\"},\"inLanguage\":\"fr-FR\",\"potentialAction\":[{\"@type\":\"ReadAction\",\"target\":[\"https:\\\/\\\/comitedesfeteskermouster.fr\\\/index.php\\\/event\\\/troc-aux-plantes-automne-2025\\\/\"]}]},{\"@type\":\"ImageObject\",\"inLanguage\":\"fr-FR\",\"@id\":\"https:\\\/\\\/comitedesfeteskermouster.fr\\\/index.php\\\/event\\\/troc-aux-plantes-automne-2025\\\/#primaryimage\",\"url\":\"https:\\\/\\\/i0.wp.com\\\/comitedesfeteskermouster.fr\\\/wp-content\\\/uploads\\\/2025\\\/10\\\/Affiche-troc-aux-plantes-CFK-2025.jpg?fit=1587%2C2245&ssl=1\",\"contentUrl\":\"https:\\\/\\\/i0.wp.com\\\/comitedesfeteskermouster.fr\\\/wp-content\\\/uploads\\\/2025\\\/10\\\/Affiche-troc-aux-plantes-CFK-2025.jpg?fit=1587%2C2245&ssl=1\",\"width\":1587,\"height\":2245},{\"@type\":\"BreadcrumbList\",\"@id\":\"https:\\\/\\\/comitedesfeteskermouster.fr\\\/index.php\\\/event\\\/troc-aux-plantes-automne-2025\\\/#breadcrumb\",\"itemListElement\":[{\"@type\":\"ListItem\",\"position\":1,\"name\":\"Accueil - Comit\u00e9 des F\u00eates de Kermouster\",\"item\":\"https:\\\/\\\/comitedesfeteskermouster.fr\\\/\"},{\"@type\":\"ListItem\",\"position\":2,\"name\":\"\u00c9v\u00e8nements\",\"item\":\"https:\\\/\\\/comitedesfeteskermouster.fr\\\/index.php\\\/events\\\/\"},{\"@type\":\"ListItem\",\"position\":3,\"name\":\"Troc aux plantes d&rsquo;automne\"}]},{\"@type\":\"WebSite\",\"@id\":\"https:\\\/\\\/comitedesfeteskermouster.fr\\\/#website\",\"url\":\"https:\\\/\\\/comitedesfeteskermouster.fr\\\/\",\"name\":\"Comit\u00e9 des F\u00eates de Kermouster\",\"description\":\"\",\"publisher\":{\"@id\":\"https:\\\/\\\/comitedesfeteskermouster.fr\\\/#organization\"},\"potentialAction\":[{\"@type\":\"SearchAction\",\"target\":{\"@type\":\"EntryPoint\",\"urlTemplate\":\"https:\\\/\\\/comitedesfeteskermouster.fr\\\/?s={search_term_string}\"},\"query-input\":{\"@type\":\"PropertyValueSpecification\",\"valueRequired\":true,\"valueName\":\"search_term_string\"}}],\"inLanguage\":\"fr-FR\"},{\"@type\":\"Organization\",\"@id\":\"https:\\\/\\\/comitedesfeteskermouster.fr\\\/#organization\",\"name\":\"Comit\u00e9 des f\u00eates de Kermouster\",\"url\":\"https:\\\/\\\/comitedesfeteskermouster.fr\\\/\",\"logo\":{\"@type\":\"ImageObject\",\"inLanguage\":\"fr-FR\",\"@id\":\"https:\\\/\\\/comitedesfeteskermouster.fr\\\/#\\\/schema\\\/logo\\\/image\\\/\",\"url\":\"https:\\\/\\\/i0.wp.com\\\/comitedesfeteskermouster.fr\\\/wp-content\\\/uploads\\\/2021\\\/12\\\/cropped-cropped-logo.png?fit=480%2C214&ssl=1\",\"contentUrl\":\"https:\\\/\\\/i0.wp.com\\\/comitedesfeteskermouster.fr\\\/wp-content\\\/uploads\\\/2021\\\/12\\\/cropped-cropped-logo.png?fit=480%2C214&ssl=1\",\"width\":480,\"height\":214,\"caption\":\"Comit\u00e9 des f\u00eates de Kermouster\"},\"image\":{\"@id\":\"https:\\\/\\\/comitedesfeteskermouster.fr\\\/#\\\/schema\\\/logo\\\/image\\\/\"},\"sameAs\":[\"https:\\\/\\\/www.facebook.com\\\/comitedesfeteskermouster\"]}]}<\/script>\n<!-- \/ Yoast SEO plugin. -->","yoast_head_json":{"title":"Troc aux plantes d'automne - Comit\u00e9 des F\u00eates de Kermouster","description":"Venez \u00e9changer ou donner vos plantes, vos pots, livres, outils ou m\u00eame vos conseils \u00e0 l'occasion d'un apr\u00e8s-midi Troc aux plantes \u00e0 Kermouster","robots":{"index":"index","follow":"follow","max-snippet":"max-snippet:-1","max-image-preview":"max-image-preview:large","max-video-preview":"max-video-preview:-1"},"canonical":"https:\/\/comitedesfeteskermouster.fr\/index.php\/event\/troc-aux-plantes-automne-2025\/","og_locale":"fr_FR","og_type":"article","og_title":"Troc aux plantes d'automne - Comit\u00e9 des F\u00eates de Kermouster","og_description":"Venez \u00e9changer ou donner vos plantes, vos pots, livres, outils ou m\u00eame vos conseils \u00e0 l'occasion d'un apr\u00e8s-midi Troc aux plantes \u00e0 Kermouster","og_url":"https:\/\/comitedesfeteskermouster.fr\/index.php\/event\/troc-aux-plantes-automne-2025\/","og_site_name":"Comit\u00e9 des F\u00eates de Kermouster","article_publisher":"https:\/\/www.facebook.com\/comitedesfeteskermouster","og_image":[{"width":1587,"height":2245,"url":"https:\/\/comitedesfeteskermouster.fr\/wp-content\/uploads\/2025\/10\/Affiche-troc-aux-plantes-CFK-2025.jpg","type":"image\/jpeg"}],"twitter_card":"summary_large_image","schema":{"@context":"https:\/\/schema.org","@graph":[{"@type":"WebPage","@id":"https:\/\/comitedesfeteskermouster.fr\/index.php\/event\/troc-aux-plantes-automne-2025\/","url":"https:\/\/comitedesfeteskermouster.fr\/index.php\/event\/troc-aux-plantes-automne-2025\/","name":"Troc aux plantes d'automne - Comit\u00e9 des F\u00eates de Kermouster","isPartOf":{"@id":"https:\/\/comitedesfeteskermouster.fr\/#website"},"primaryImageOfPage":{"@id":"https:\/\/comitedesfeteskermouster.fr\/index.php\/event\/troc-aux-plantes-automne-2025\/#primaryimage"},"image":{"@id":"https:\/\/comitedesfeteskermouster.fr\/index.php\/event\/troc-aux-plantes-automne-2025\/#primaryimage"},"thumbnailUrl":"https:\/\/i0.wp.com\/comitedesfeteskermouster.fr\/wp-content\/uploads\/2025\/10\/Affiche-troc-aux-plantes-CFK-2025.jpg?fit=1587%2C2245&ssl=1","datePublished":"2025-10-06T12:35:01+00:00","description":"Venez \u00e9changer ou donner vos plantes, vos pots, livres, outils ou m\u00eame vos conseils \u00e0 l'occasion d'un apr\u00e8s-midi Troc aux plantes \u00e0 Kermouster","breadcrumb":{"@id":"https:\/\/comitedesfeteskermouster.fr\/index.php\/event\/troc-aux-plantes-automne-2025\/#breadcrumb"},"inLanguage":"fr-FR","potentialAction":[{"@type":"ReadAction","target":["https:\/\/comitedesfeteskermouster.fr\/index.php\/event\/troc-aux-plantes-automne-2025\/"]}]},{"@type":"ImageObject","inLanguage":"fr-FR","@id":"https:\/\/comitedesfeteskermouster.fr\/index.php\/event\/troc-aux-plantes-automne-2025\/#primaryimage","url":"https:\/\/i0.wp.com\/comitedesfeteskermouster.fr\/wp-content\/uploads\/2025\/10\/Affiche-troc-aux-plantes-CFK-2025.jpg?fit=1587%2C2245&ssl=1","contentUrl":"https:\/\/i0.wp.com\/comitedesfeteskermouster.fr\/wp-content\/uploads\/2025\/10\/Affiche-troc-aux-plantes-CFK-2025.jpg?fit=1587%2C2245&ssl=1","width":1587,"height":2245},{"@type":"BreadcrumbList","@id":"https:\/\/comitedesfeteskermouster.fr\/index.php\/event\/troc-aux-plantes-automne-2025\/#breadcrumb","itemListElement":[{"@type":"ListItem","position":1,"name":"Accueil - Comit\u00e9 des F\u00eates de Kermouster","item":"https:\/\/comitedesfeteskermouster.fr\/"},{"@type":"ListItem","position":2,"name":"\u00c9v\u00e8nements","item":"https:\/\/comitedesfeteskermouster.fr\/index.php\/events\/"},{"@type":"ListItem","position":3,"name":"Troc aux plantes d&rsquo;automne"}]},{"@type":"WebSite","@id":"https:\/\/comitedesfeteskermouster.fr\/#website","url":"https:\/\/comitedesfeteskermouster.fr\/","name":"Comit\u00e9 des F\u00eates de Kermouster","description":"","publisher":{"@id":"https:\/\/comitedesfeteskermouster.fr\/#organization"},"potentialAction":[{"@type":"SearchAction","target":{"@type":"EntryPoint","urlTemplate":"https:\/\/comitedesfeteskermouster.fr\/?s={search_term_string}"},"query-input":{"@type":"PropertyValueSpecification","valueRequired":true,"valueName":"search_term_string"}}],"inLanguage":"fr-FR"},{"@type":"Organization","@id":"https:\/\/comitedesfeteskermouster.fr\/#organization","name":"Comit\u00e9 des f\u00eates de Kermouster","url":"https:\/\/comitedesfeteskermouster.fr\/","logo":{"@type":"ImageObject","inLanguage":"fr-FR","@id":"https:\/\/comitedesfeteskermouster.fr\/#\/schema\/logo\/image\/","url":"https:\/\/i0.wp.com\/comitedesfeteskermouster.fr\/wp-content\/uploads\/2021\/12\/cropped-cropped-logo.png?fit=480%2C214&ssl=1","contentUrl":"https:\/\/i0.wp.com\/comitedesfeteskermouster.fr\/wp-content\/uploads\/2021\/12\/cropped-cropped-logo.png?fit=480%2C214&ssl=1","width":480,"height":214,"caption":"Comit\u00e9 des f\u00eates de Kermouster"},"image":{"@id":"https:\/\/comitedesfeteskermouster.fr\/#\/schema\/logo\/image\/"},"sameAs":["https:\/\/www.facebook.com\/comitedesfeteskermouster"]}]}},"jetpack_sharing_enabled":true,"jetpack_likes_enabled":true,"_links":{"self":[{"href":"https:\/\/comitedesfeteskermouster.fr\/index.php\/wp-json\/wp\/v2\/tribe_events\/1396","targetHints":{"allow":["GET"]}}],"collection":[{"href":"https:\/\/comitedesfeteskermouster.fr\/index.php\/wp-json\/wp\/v2\/tribe_events"}],"about":[{"href":"https:\/\/comitedesfeteskermouster.fr\/index.php\/wp-json\/wp\/v2\/types\/tribe_events"}],"author":[{"embeddable":true,"href":"https:\/\/comitedesfeteskermouster.fr\/index.php\/wp-json\/wp\/v2\/users\/3"}],"version-history":[{"count":1,"href":"https:\/\/comitedesfeteskermouster.fr\/index.php\/wp-json\/wp\/v2\/tribe_events\/1396\/revisions"}],"predecessor-version":[{"id":1397,"href":"https:\/\/comitedesfeteskermouster.fr\/index.php\/wp-json\/wp\/v2\/tribe_events\/1396\/revisions\/1397"}],"wp:featuredmedia":[{"embeddable":true,"href":"https:\/\/comitedesfeteskermouster.fr\/index.php\/wp-json\/wp\/v2\/media\/1392"}],"wp:attachment":[{"href":"https:\/\/comitedesfeteskermouster.fr\/index.php\/wp-json\/wp\/v2\/media?parent=1396"}],"wp:term":[{"taxonomy":"post_tag","embeddable":true,"href":"https:\/\/comitedesfeteskermouster.fr\/index.php\/wp-json\/wp\/v2\/tags?post=1396"},{"taxonomy":"tribe_events_cat","embeddable":true,"href":"https:\/\/comitedesfeteskermouster.fr\/index.php\/wp-json\/wp\/v2\/tribe_events_cat?post=1396"}],"curies":[{"name":"wp","href":"https:\/\/api.w.org\/{rel}","templated":true}]}}